{"id":3,"date":"2023-09-18T11:57:09","date_gmt":"2023-09-18T09:57:09","guid":{"rendered":"http:\/\/contratalla.art\/?page_id=3"},"modified":"2023-11-06T17:17:37","modified_gmt":"2023-11-06T16:17:37","slug":"politica-privacidad","status":"publish","type":"page","link":"https:\/\/contratalla.art\/index.php\/politica-privacidad\/","title":{"rendered":"Pol\u00edtica de privacidad"},"content":{"rendered":"\n<h2 class=\"wp-block-heading\" style=\"text-transform:uppercase\">Pol\u00edtica de privacidad<\/h2>\n\n\n\n<p>En Contratalla Art respetamos su derecho a la intimidad y comprendemos lo importante que es para usted la confidencialidad y seguridad de los datos que le identifican como usuario de nuestro portal.<\/p>\n\n\n\n<p>A tal efecto, deseamos informarle de lo siguiente:<\/p>\n\n\n\n<p>\u2013 cuando se registre o compre en nuestro portal, deber\u00e1 especificar su nombre y apellidos, domicilio, direcci\u00f3n de correo electr\u00f3nico y n\u00famero de tel\u00e9fono. Estos datos nos permitir\u00e1n tramitar su pedido, as\u00ed como informarle puntualmente del estado del mismo.<\/p>\n\n\n\n<p>\u2013 las operaciones de pago online a trav\u00e9s de la pasarela de pagos de Paypal se realizan mediante un servidor seguro. Contratalla Art no almacena los datos correspondientes a su tarjeta de cr\u00e9dito o d\u00e9bito. El software de dicho servidor codifica la informaci\u00f3n referente a su tarjeta, lo que garantiza la confidencialidad y seguridad de la misma.<\/p>\n\n\n\n<h3 class=\"wp-block-heading\">Comentarios<\/h3>\n\n\n\n<p>Cuando los visitantes dejen comentarios en la web, recopilamos los datos que se muestran en el formulario de comentarios, as\u00ed como la direcci\u00f3n IP del visitante y la cadena de agentes de usuario del navegador para ayudar a la detecci\u00f3n de spam.<\/p>\n\n\n\n<p>Una cadena an\u00f3nima creada a partir de su direcci\u00f3n de correo electr\u00f3nico (tambi\u00e9n llamada hash) puede ser proporcionada al servicio de Gravatar para ver si est\u00e1 en uso. La pol\u00edtica de privacidad del servicio Gravatar est\u00e1 disponible aqu\u00ed: https:\/\/automattic.com\/privacy\/. Despu\u00e9s de la aprobaci\u00f3n de su comentario, la imagen de su perfil es visible para el p\u00fablico en el contexto de su comentario.<\/p>\n\n\n\n<h3 class=\"wp-block-heading\">Protecci\u00f3n de datos<\/h3>\n\n\n\n<p>En Contratalla Art disponemos de procedimientos de seguridad relativos al almacenamiento y revelaci\u00f3n de datos al objeto de evitar todo acceso no autorizado a los mismos, de acuerdo con lo que dispone el art\u00edculo 9 de la ley org\u00e1nica 15\/1999, de protecci\u00f3n de datos de car\u00e1cter personal.<\/p>\n\n\n\n<p>Contratalla Art le informa que, tras cumplimentar el formulario de registro, incorporar\u00e1 sus datos personales a un fichero automatizado de datos.<\/p>\n\n\n\n<p>Contratalla Art le garantiza que tratar\u00e1 confidencialmente sus datos personales por cuanto que los ficheros en los cuales se almacenar\u00e1n y tratar\u00e1n dichos datos gozan de las medidas de seguridad necesarias para evitar la p\u00e9rdida, el tratamiento o el acceso no autorizado a dichos datos por parte de terceros.<\/p>\n\n\n\n<p>Por ello, y en cumplimiento con lo establecido en la ley 34\/2002, de 11 de julio, de servicios de la sociedad de la informaci\u00f3n y de comercio electr\u00f3nico, Contratalla Art informa que podr\u00e1 utilizar las direcciones de correo electr\u00f3nico facilitadas para remitirle informaci\u00f3n de car\u00e1cter cultural y comercial de inter\u00e9s relativa a la actividad de la galer\u00eda.<\/p>\n\n\n\n<p>Asimismo, le informamos de su capacidad de ejercer, en los t\u00e9rminos establecidos en la LOPD, los derechos de acceso, rectificaci\u00f3n, cancelaci\u00f3n y oposici\u00f3n de sus datos de car\u00e1cter personal, siendo el responsable del fichero Contratalla Art.<\/p>\n\n\n\n<p>En caso de que no quieran recibir m\u00e1s comunicaciones por parte de Contratalla Art, pueden enviarnos un correo electr\u00f3nico a contratallaart@gmail.com, donde nos manifieste su voluntad de desvincularse de todo contacto con nosotros.<\/p>\n\n\n\n<h2 class=\"wp-block-heading\">POL\u00cdTICA DE COOKIES<\/h2>\n\n\n\n<h3 class=\"wp-block-heading\">Normativa europea<\/h3>\n\n\n\n<p>Ley de Servicios de la Sociedad de la Informaci\u00f3n (LSSI)<\/p>\n\n\n\n<p>Esta web utiliza tanto \u2018cookies\u2019 temporales de sesi\u00f3n como \u2018cookies\u2019 permanentes. Las \u2018cookies\u2019 de sesi\u00f3n almacenan datos \u00fanicamente mientras el usuario accede a la web y las \u2018cookies\u2019 permanentes almacenan los datos en el terminal para que sean accedidos y utilizados en m\u00e1s de una sesi\u00f3n.<\/p>\n\n\n\n<p>Seg\u00fan la finalidad para la que se traten los datos obtenidos a trav\u00e9s de las \u2018cookies\u2019, el web puede utilizar:<\/p>\n\n\n\n<p><strong>\u2018Cookies\u2019 t\u00e9cnicas<\/strong><br>Son aqu\u00e9llas que permiten al usuario la navegaci\u00f3n a trav\u00e9s de la p\u00e1gina web o aplicaci\u00f3n y la utilizaci\u00f3n de las diferentes opciones o servicios que en ella existen. Por ejemplo, controlar el tr\u00e1fico y la comunicaci\u00f3n de datos, identificar la sesi\u00f3n, acceder a las partes web de acceso restringido, recordar los elementos que integran un pedido, realizar la solicitud de inscripci\u00f3n o participaci\u00f3n en un evento, utilizar elementos de seguridad durante la navegaci\u00f3n y almacenar contenidos para la difusi\u00f3n de videos o sonido.<\/p>\n\n\n\n<p><strong>\u2018Cookies\u2019 de personalizaci\u00f3n<\/strong><br>Son aqu\u00e9llas que permiten al usuario acceder al servicio con algunas caracter\u00edsticas de car\u00e1cter general predefinidas en su terminal o que el propio usuario defina. Por ejemplo, el idioma, el tipo de navegador a trav\u00e9s del cual accede al servicio, el dise\u00f1o de contenidos seleccionado, geolocalizaci\u00f3n del terminal y la configuraci\u00f3n regional desde donde se accede al servicio.<\/p>\n\n\n\n<p><strong>\u2018Cookies\u2019 publicitarias&nbsp;<\/strong><br>Son aqu\u00e9llas que permiten la gesti\u00f3n eficaz de los espacios publicitarios que se han incluido en la p\u00e1gina web o aplicaci\u00f3n desde la que se presta el servicio. Permiten adecuar el contenido de la publicidad para que esta sea relevante para el usuario y para evitar mostrar anuncios que el usuario ya haya visto.<\/p>\n\n\n\n<p><strong>\u2018Cookies\u2019 de an\u00e1lisis estad\u00edstico<\/strong><br>Son aqu\u00e9llas que permiten realizar el seguimiento y an\u00e1lisis del comportamiento de los usuarios en los sitios web. La informaci\u00f3n recogida mediante este tipo de \u2018cookies\u2019 se utiliza en la medici\u00f3n de la actividad de los sitios web, aplicaci\u00f3n o plataforma y para la elaboraci\u00f3n de perfiles de navegaci\u00f3n de los usuarios de dichos sitios, con el fin de introducir mejoras en el servicio en funci\u00f3n de los datos de uso que hacen los usuarios.<\/p>\n\n\n\n<p><strong>\u2018Cookies\u2019 de terceros<\/strong><br>En algunas p\u00e1ginas web se pueden instalar \u2018cookies\u2019 de terceros que permiten gestionar y mejorar los servicios ofrecidos. Como por ejemplo, servicios estad\u00edsticos de Google Analytics y Comscore.<\/p>\n\n\n\n<p>En algunos navegadores se pueden configurar reglas espec\u00edficas para administrar \u2018cookies\u2019 por sitio web, lo que ofrece un control m\u00e1s preciso sobre la privacidad. Esto significa que se puede inhabilitar \u2018cookies\u2019 de todos los sitios salvo de aquellos en los que se conf\u00ede.<\/p>\n","protected":false},"excerpt":{"rendered":"<p>Pol\u00edtica de privacidad En Contratalla Art respetamos su derecho a la intimidad y comprendemos lo importante que es para usted la confidencialidad y seguridad de los datos que le identifican [&hellip;]<\/p>\n","protected":false},"author":1,"featured_media":0,"parent":0,"menu_order":0,"comment_status":"closed","ping_status":"open","template":"","meta":{"jetpack_post_was_ever_published":false,"footnotes":""},"class_list":["post-3","page","type-page","status-publish","hentry"],"aioseo_notices":[],"jetpack-related-posts":[],"jetpack_shortlink":"https:\/\/wp.me\/Pf96kx-3","jetpack_sharing_enabled":true,"_links":{"self":[{"href":"https:\/\/contratalla.art\/index.php\/wp-json\/wp\/v2\/pages\/3","targetHints":{"allow":["GET"]}}],"collection":[{"href":"https:\/\/contratalla.art\/index.php\/wp-json\/wp\/v2\/pages"}],"about":[{"href":"https:\/\/contratalla.art\/index.php\/wp-json\/wp\/v2\/types\/page"}],"author":[{"embeddable":true,"href":"https:\/\/contratalla.art\/index.php\/wp-json\/wp\/v2\/users\/1"}],"replies":[{"embeddable":true,"href":"https:\/\/contratalla.art\/index.php\/wp-json\/wp\/v2\/comments?post=3"}],"version-history":[{"count":5,"href":"https:\/\/contratalla.art\/index.php\/wp-json\/wp\/v2\/pages\/3\/revisions"}],"predecessor-version":[{"id":232,"href":"https:\/\/contratalla.art\/index.php\/wp-json\/wp\/v2\/pages\/3\/revisions\/232"}],"wp:attachment":[{"href":"https:\/\/contratalla.art\/index.php\/wp-json\/wp\/v2\/media?parent=3"}],"curies":[{"name":"wp","href":"https:\/\/api.w.org\/{rel}","templated":true}]}}